{"id":3306,"date":"2026-08-20T14:58:57","date_gmt":"2026-08-20T12:58:57","guid":{"rendered":"https:\/\/www.essenz.vision\/?post_type=tribe_events&#038;p=3306"},"modified":"2026-08-22T14:35:08","modified_gmt":"2026-08-22T12:35:08","slug":"aetherische-oele-fuer-den-winter","status":"publish","type":"tribe_events","link":"https:\/\/www.essenz.vision\/index.php\/event\/aetherische-oele-fuer-den-winter\/","title":{"rendered":"\u00c4therische \u00d6le f\u00fcr den Winter"},"content":{"rendered":"<div><strong>D\u00fcfte f\u00fcr Ruhe und St\u00e4rke<\/strong><\/div>\n<div><strong>\u00a0<\/strong><\/div>\n<div>Wenn der Winter seine stille Sch\u00f6nheit entfaltet und die Welt in klares, k\u00fchles Licht getaucht ist, l\u00e4dt uns die Natur ein, zur Ruhe zu kommen und neue Kraft zu sch\u00f6pfen. Dieser Workshop verbindet Entspannung und Selbstf\u00fcrsorge unterst\u00fctzt durch die Kraft der Essenzen. Wir tauchen ein in die Welt der D\u00fcfte, die W\u00e4rme schenken und zugleich unser inneres Gleichgewicht f\u00f6rdern: die sanfte Harmonie des Lavendels, die kl\u00e4rende Frische der Fichte, die w\u00e4rmende Kraft von Ingwer und Nelke und die heiteren D\u00fcften von Orange und Mandarine. Diese \u00d6le unterst\u00fctzen uns dabei, K\u00f6rper und Sinne zu kr\u00e4ftigen, den Atem zu vertiefen und uns mit neuer Lebenskraft zu erf\u00fcllen. Im praktischen Teil des Workshops entsteht ein pers\u00f6nlicher Duftbegleiter, abgestimmt auf die individuellen Bed\u00fcrfnisse dieser Jahreszeit &#8211; eine duftende Mischung aus Ruhe und Energie, aus Geborgenheit und innerer St\u00e4rke. So wird der Winter zu einer Zeit des bewussten Innehaltens, die uns n\u00e4hrt, st\u00e4rkt und mit neuer Leichtigkeit erf\u00fcllt.<\/div>\n","protected":false},"excerpt":{"rendered":"<p>D\u00fcfte f\u00fcr Ruhe und St\u00e4rke \u00a0 Wenn der Winter seine stille Sch\u00f6nheit entfaltet und die Welt in klares, k\u00fchles Licht getaucht ist, l\u00e4dt uns die Natur ein, zur Ruhe zu<\/p>\n","protected":false},"author":2,"featured_media":3323,"template":"","meta":{"_acf_changed":false,"_tribe_events_status":"","_tribe_events_status_reason":"","footnotes":""},"tags":[],"tribe_events_cat":[69],"class_list":["post-3306","tribe_events","type-tribe_events","status-publish","has-post-thumbnail","hentry","tribe_events_cat-workshops","cat_workshops"],"acf":[],"_links":{"self":[{"href":"https:\/\/www.essenz.vision\/index.php\/wp-json\/wp\/v2\/tribe_events\/3306","targetHints":{"allow":["GET"]}}],"collection":[{"href":"https:\/\/www.essenz.vision\/index.php\/wp-json\/wp\/v2\/tribe_events"}],"about":[{"href":"https:\/\/www.essenz.vision\/index.php\/wp-json\/wp\/v2\/types\/tribe_events"}],"author":[{"embeddable":true,"href":"https:\/\/www.essenz.vision\/index.php\/wp-json\/wp\/v2\/users\/2"}],"version-history":[{"count":3,"href":"https:\/\/www.essenz.vision\/index.php\/wp-json\/wp\/v2\/tribe_events\/3306\/revisions"}],"predecessor-version":[{"id":3324,"href":"https:\/\/www.essenz.vision\/index.php\/wp-json\/wp\/v2\/tribe_events\/3306\/revisions\/3324"}],"wp:featuredmedia":[{"embeddable":true,"href":"https:\/\/www.essenz.vision\/index.php\/wp-json\/wp\/v2\/media\/3323"}],"wp:attachment":[{"href":"https:\/\/www.essenz.vision\/index.php\/wp-json\/wp\/v2\/media?parent=3306"}],"wp:term":[{"taxonomy":"post_tag","embeddable":true,"href":"https:\/\/www.essenz.vision\/index.php\/wp-json\/wp\/v2\/tags?post=3306"},{"taxonomy":"tribe_events_cat","embeddable":true,"href":"https:\/\/www.essenz.vision\/index.php\/wp-json\/wp\/v2\/tribe_events_cat?post=3306"}],"curies":[{"name":"wp","href":"https:\/\/api.w.org\/{rel}","templated":true}]}}