{"id":3281,"date":"2026-08-18T17:56:43","date_gmt":"2026-08-18T15:56:43","guid":{"rendered":"https:\/\/www.essenz.vision\/?post_type=tribe_events&#038;p=3281"},"modified":"2026-08-20T13:59:47","modified_gmt":"2026-08-20T11:59:47","slug":"duftreise-eine-reise-durch-die-chakren","status":"publish","type":"tribe_events","link":"https:\/\/www.essenz.vision\/index.php\/event\/duftreise-eine-reise-durch-die-chakren\/","title":{"rendered":"Duftreise &#8211; Eine Reise durch die Chakren"},"content":{"rendered":"<p><strong>Verbindung zu Dir selbst und den verschiedenen Ebenen Deines Seins &#8211;<\/strong><\/p>\n<p>In diesem besonderen Workshop erlebst Du eine gef\u00fchrte Duftreise durch die sieben Hauptchakren Deines K\u00f6rpers.<\/p>\n<p>Chakren sind energetische Zentren entlang Deiner Wirbels\u00e4ule. Jedes Chakra steht f\u00fcr ein bestimmtes Thema wie Sicherheit, Kreativit\u00e4t, Selbstwert, Liebe, Ausdruck, Intuition und spirituelle Verbindung.<\/p>\n<p>Bei dieser Duftreise verbinden wir die symbolische Welt der Chakren mit der kraftvollen Wirkung \u00e4therischer \u00d6le. Jede Station dieser Reise schenkt Dir Raum, nach innen zu sp\u00fcren, Deine Wahrnehmung zu vertiefen und Dich bewusst mit Deinen pers\u00f6nlichen Ressourcen zu verbinden.<\/p>\n<p>Jedes ausgew\u00e4hlte \u00e4therische \u00d6l steht dabei in Verbindung mit dem jeweiligen Chakra, sein Duft dient als T\u00fcr\u00f6ffner. Jede Station der Reise ist ein Schritt n\u00e4her zu Dir selbst.<\/p>\n<p>Vor Beginn stelle ich Dir die eingesetzten \u00d6le vor, erkl\u00e4re ihre Wirkungsweise und gebe Dir wertvolle Tipps zur Anwendung im Alltag.<\/p>\n<p>Begib Dich auf diese sinnliche Reise und lass Dich von den D\u00fcften ber\u00fchren.<\/p>\n<p>F\u00dcR DEINE PERS\u00d6NLICHE WOHLF\u00dcHLZEIT: Bitte bring eine Matte, Decke, ein Kissen und bequeme Kleidung mit!<\/p>\n<p>&#8212;&#8212;&#8212;&#8212;&#8212;&#8212;&#8212;&#8212;&#8212;&#8212;&#8212;&#8212;&#8212;<\/p>\n<p>Du m\u00f6chtest teilnehmen?<br \/>\nMerke Dir das Datum und buche direkt per Mail!<\/p>\n","protected":false},"excerpt":{"rendered":"<p>Verbindung zu Dir selbst und den verschiedenen Ebenen Deines Seins &#8211; In diesem besonderen Workshop erlebst Du eine gef\u00fchrte Duftreise durch die sieben Hauptchakren Deines K\u00f6rpers. Chakren sind energetische Zentren<\/p>\n","protected":false},"author":2,"featured_media":3287,"template":"","meta":{"_acf_changed":false,"_tribe_events_status":"","_tribe_events_status_reason":"","footnotes":""},"tags":[],"tribe_events_cat":[63],"class_list":["post-3281","tribe_events","type-tribe_events","status-publish","has-post-thumbnail","hentry","tribe_events_cat-event","cat_event"],"acf":[],"_links":{"self":[{"href":"https:\/\/www.essenz.vision\/index.php\/wp-json\/wp\/v2\/tribe_events\/3281","targetHints":{"allow":["GET"]}}],"collection":[{"href":"https:\/\/www.essenz.vision\/index.php\/wp-json\/wp\/v2\/tribe_events"}],"about":[{"href":"https:\/\/www.essenz.vision\/index.php\/wp-json\/wp\/v2\/types\/tribe_events"}],"author":[{"embeddable":true,"href":"https:\/\/www.essenz.vision\/index.php\/wp-json\/wp\/v2\/users\/2"}],"version-history":[{"count":2,"href":"https:\/\/www.essenz.vision\/index.php\/wp-json\/wp\/v2\/tribe_events\/3281\/revisions"}],"predecessor-version":[{"id":3289,"href":"https:\/\/www.essenz.vision\/index.php\/wp-json\/wp\/v2\/tribe_events\/3281\/revisions\/3289"}],"wp:featuredmedia":[{"embeddable":true,"href":"https:\/\/www.essenz.vision\/index.php\/wp-json\/wp\/v2\/media\/3287"}],"wp:attachment":[{"href":"https:\/\/www.essenz.vision\/index.php\/wp-json\/wp\/v2\/media?parent=3281"}],"wp:term":[{"taxonomy":"post_tag","embeddable":true,"href":"https:\/\/www.essenz.vision\/index.php\/wp-json\/wp\/v2\/tags?post=3281"},{"taxonomy":"tribe_events_cat","embeddable":true,"href":"https:\/\/www.essenz.vision\/index.php\/wp-json\/wp\/v2\/tribe_events_cat?post=3281"}],"curies":[{"name":"wp","href":"https:\/\/api.w.org\/{rel}","templated":true}]}}